{"id":55607,"date":"2024-11-13T10:39:12","date_gmt":"2024-11-13T13:39:12","guid":{"rendered":"https:\/\/www.mendoza.gov.ar\/catalogoeconomiasocial\/?post_type=product&#038;p=55607"},"modified":"2024-11-14T10:39:37","modified_gmt":"2024-11-14T13:39:37","slug":"frida-kahlo","status":"publish","type":"product","link":"https:\/\/www.mendoza.gov.ar\/catalogoeconomiasocial\/producto\/frida-kahlo\/","title":{"rendered":"Mu\u00f1eca &#8220;Frida Kahlo&#8221;"},"content":{"rendered":"<!DOCTYPE html PUBLIC \"-\/\/W3C\/\/DTD HTML 4.0 Transitional\/\/EN\" \"http:\/\/www.w3.org\/TR\/REC-html40\/loose.dtd\">\n\n","protected":false},"excerpt":{"rendered":"A Frida Kahlo la tejimos pensando en todos los que aman el arte, es parte de nuestra colecci\u00f3n de mu\u00f1ecos de artistas. El arte de Frida nos inspira para crear sus ropitas y colores. Nuestros mu\u00f1ecos son 100% abrazables. Frida Kahlo mide 25 cm. aprox., est\u00e1n tejidas a mano en algod\u00f3n, lavables, hipoalerg\u00e9nicas y apto vegano. Podes elegir el modelo de ropita que quieras.","protected":false},"featured_media":55609,"comment_status":"open","ping_status":"closed","template":"","meta":[],"product_cat":[1065,6120,6093],"product_tag":[2417,516,658,843],"_links":{"self":[{"href":"https:\/\/www.mendoza.gov.ar\/catalogoeconomiasocial\/wp-json\/wp\/v2\/product\/55607"}],"collection":[{"href":"https:\/\/www.mendoza.gov.ar\/catalogoeconomiasocial\/wp-json\/wp\/v2\/product"}],"about":[{"href":"https:\/\/www.mendoza.gov.ar\/catalogoeconomiasocial\/wp-json\/wp\/v2\/types\/product"}],"replies":[{"embeddable":true,"href":"https:\/\/www.mendoza.gov.ar\/catalogoeconomiasocial\/wp-json\/wp\/v2\/comments?post=55607"}],"wp:featuredmedia":[{"embeddable":true,"href":"https:\/\/www.mendoza.gov.ar\/catalogoeconomiasocial\/wp-json\/wp\/v2\/media\/55609"}],"wp:attachment":[{"href":"https:\/\/www.mendoza.gov.ar\/catalogoeconomiasocial\/wp-json\/wp\/v2\/media?parent=55607"}],"wp:term":[{"taxonomy":"product_cat","embeddable":true,"href":"https:\/\/www.mendoza.gov.ar\/catalogoeconomiasocial\/wp-json\/wp\/v2\/product_cat?post=55607"},{"taxonomy":"product_tag","embeddable":true,"href":"https:\/\/www.mendoza.gov.ar\/catalogoeconomiasocial\/wp-json\/wp\/v2\/product_tag?post=55607"}],"curies":[{"name":"wp","href":"https:\/\/api.w.org\/{rel}","templated":true}]}}