{"id":60942,"date":"2026-01-22T12:21:14","date_gmt":"2026-01-22T15:21:14","guid":{"rendered":"https:\/\/www.mendoza.gov.ar\/catalogoeconomiasocial\/?post_type=product&#038;p=60942"},"modified":"2026-01-22T12:21:14","modified_gmt":"2026-01-22T15:21:14","slug":"sahumerios-artesanales-3","status":"publish","type":"product","link":"https:\/\/www.mendoza.gov.ar\/catalogoeconomiasocial\/producto\/sahumerios-artesanales-3\/","title":{"rendered":"Sahumerios Artesanales"},"content":{"rendered":"<!DOCTYPE html PUBLIC \"-\/\/W3C\/\/DTD HTML 4.0 Transitional\/\/EN\" \"http:\/\/www.w3.org\/TR\/REC-html40\/loose.dtd\">\n\n","protected":false},"excerpt":{"rendered":"Nuestros sahumerios son artesanales y est\u00e1n hechos completamente a mano, con un proceso consciente y lleno de intenci\u00f3n. Arrancamos preparando la masa, que lleva harina de pino 120 y goma x\u00e1ntica. Aparte disolvemos una peque\u00f1a cantidad de nitrato de potasio en agua, que es lo que permite una buena combusti\u00f3n. Mezclamos todo hasta lograr la consistencia justa y, con una manga pastelera, les damos forma uno por uno. Una vez formados, los dejamos secar entre 2 y 3 d\u00edas. En paralelo, preparamos la maceraci\u00f3n: una mezcla de esencias arom\u00e1ticas con alcohol de cereal, que se deja reposar durante 7 d\u00edas para que los aromas se integren bien. Cuando los sahumerios ya est\u00e1n secos, los sumergimos en esta maceraci\u00f3n y luego los dejamos secar nuevamente durante 2 d\u00edas m\u00e1s. Es un proceso que lleva tiempo, cuidado y paciencia, pero que da como resultado sahumerios de aroma intenso, combusti\u00f3n pareja y una energ\u00eda especial, hechos con amor y dedicaci\u00f3n.","protected":false},"featured_media":60947,"comment_status":"open","ping_status":"closed","template":"","meta":[],"product_cat":[6046,6047,6048],"product_tag":[6748,1924],"_links":{"self":[{"href":"https:\/\/www.mendoza.gov.ar\/catalogoeconomiasocial\/wp-json\/wp\/v2\/product\/60942"}],"collection":[{"href":"https:\/\/www.mendoza.gov.ar\/catalogoeconomiasocial\/wp-json\/wp\/v2\/product"}],"about":[{"href":"https:\/\/www.mendoza.gov.ar\/catalogoeconomiasocial\/wp-json\/wp\/v2\/types\/product"}],"replies":[{"embeddable":true,"href":"https:\/\/www.mendoza.gov.ar\/catalogoeconomiasocial\/wp-json\/wp\/v2\/comments?post=60942"}],"wp:featuredmedia":[{"embeddable":true,"href":"https:\/\/www.mendoza.gov.ar\/catalogoeconomiasocial\/wp-json\/wp\/v2\/media\/60947"}],"wp:attachment":[{"href":"https:\/\/www.mendoza.gov.ar\/catalogoeconomiasocial\/wp-json\/wp\/v2\/media?parent=60942"}],"wp:term":[{"taxonomy":"product_cat","embeddable":true,"href":"https:\/\/www.mendoza.gov.ar\/catalogoeconomiasocial\/wp-json\/wp\/v2\/product_cat?post=60942"},{"taxonomy":"product_tag","embeddable":true,"href":"https:\/\/www.mendoza.gov.ar\/catalogoeconomiasocial\/wp-json\/wp\/v2\/product_tag?post=60942"}],"curies":[{"name":"wp","href":"https:\/\/api.w.org\/{rel}","templated":true}]}}