{"id":121871,"date":"2018-01-25T18:57:41","date_gmt":"2018-01-25T21:57:41","guid":{"rendered":"http:\/\/prensa.wp1.mendoza.gov.ar\/wp-content\/uploads\/sites\/5\/2018\/01\/600_2713.jpg"},"modified":"2018-01-25T18:58:40","modified_gmt":"2018-01-25T21:58:40","slug":"600_2713","status":"inherit","type":"attachment","link":"https:\/\/www.mendoza.gov.ar\/prensa\/educacion-ambiental-una-prioridad-en-la-gestion-del-gobierno\/600_2713\/","title":{"rendered":""},"author":68,"comment_status":"open","ping_status":"closed","template":"","meta":[],"description":{"rendered":"<!DOCTYPE html PUBLIC \"-\/\/W3C\/\/DTD HTML 4.0 Transitional\/\/EN\" \"http:\/\/www.w3.org\/TR\/REC-html40\/loose.dtd\">\n<html><body><p class=\"attachment\"><a href=\"https:\/\/www.mendoza.gov.ar\/wp-content\/uploads\/sites\/5\/2018\/01\/600_2713.jpg\"><img width=\"250\" height=\"167\" src=\"https:\/\/www.mendoza.gov.ar\/wp-content\/uploads\/sites\/5\/2018\/01\/600_2713-250x167.jpg\" class=\"attachment-medium size-medium img-responsive center-block\" alt=\"\" loading=\"lazy\" srcset=\"https:\/\/www.mendoza.gov.ar\/wp-content\/uploads\/sites\/5\/2018\/01\/600_2713-250x167.jpg 250w, https:\/\/www.mendoza.gov.ar\/wp-content\/uploads\/sites\/5\/2018\/01\/600_2713-768x512.jpg 768w, https:\/\/www.mendoza.gov.ar\/wp-content\/uploads\/sites\/5\/2018\/01\/600_2713-700x467.jpg 700w, https:\/\/www.mendoza.gov.ar\/wp-content\/uploads\/sites\/5\/2018\/01\/600_2713-120x80.jpg 120w\" sizes=\"(max-width: 250px) 100vw, 250px\"><\/a><\/p>\n<\/body><\/html>\n"},"caption":{"rendered":""},"alt_text":"","media_type":"image","mime_type":"image\/jpeg","media_details":{"width":3000,"height":2000,"file":"2018\/01\/600_2713.jpg","sizes":{"thumbnail":{"file":"600_2713-150x150.jpg","width":150,"height":150,"mime_type":"image\/jpeg","source_url":"https:\/\/www.mendoza.gov.ar\/wp-content\/uploads\/sites\/5\/2018\/01\/600_2713-150x150.jpg"},"medium":{"file":"600_2713-250x167.jpg","width":250,"height":167,"mime_type":"image\/jpeg","source_url":"https:\/\/www.mendoza.gov.ar\/wp-content\/uploads\/sites\/5\/2018\/01\/600_2713-250x167.jpg"},"medium_large":{"file":"600_2713-768x512.jpg","width":768,"height":512,"mime_type":"image\/jpeg","source_url":"https:\/\/www.mendoza.gov.ar\/wp-content\/uploads\/sites\/5\/2018\/01\/600_2713-768x512.jpg"},"large":{"file":"600_2713-700x467.jpg","width":700,"height":467,"mime_type":"image\/jpeg","source_url":"https:\/\/www.mendoza.gov.ar\/wp-content\/uploads\/sites\/5\/2018\/01\/600_2713-700x467.jpg"},"small":{"file":"600_2713-120x80.jpg","width":120,"height":80,"mime_type":"image\/jpeg","source_url":"https:\/\/www.mendoza.gov.ar\/wp-content\/uploads\/sites\/5\/2018\/01\/600_2713-120x80.jpg"},"custom-size":{"file":"600_2713-700x200.jpg","width":700,"height":200,"mime_type":"image\/jpeg","source_url":"https:\/\/www.mendoza.gov.ar\/wp-content\/uploads\/sites\/5\/2018\/01\/600_2713-700x200.jpg"},"full":{"file":"600_2713.jpg","width":3000,"height":2000,"mime_type":"image\/jpeg","source_url":"https:\/\/www.mendoza.gov.ar\/wp-content\/uploads\/sites\/5\/2018\/01\/600_2713.jpg"}},"image_meta":{"aperture":"5.6","credit":"Prensa Gobierno de","camera":"NIKON D600","caption":"19-08-2017 Ambiente. El secretario de Ambiente, Humberto Mingorace, particip\u00f3 de la plantaci\u00f3n de forestales en el Parque Gral San Mart\u00edn, en el marco de los arreglos integrales de dicho paseo.","created_timestamp":"1503145932","copyright":"Prensa Gobierno de Mendoza","focal_length":"11","iso":"100","shutter_speed":"0.0025","title":"","orientation":"0","keywords":["enarbolamiento","prado espa\u00f1ol","parque general san martin","ambiente","HUMBERTO DANIEL MINGORANCE","forestacion"]}},"post":121869,"source_url":"https:\/\/www.mendoza.gov.ar\/wp-content\/uploads\/sites\/5\/2018\/01\/600_2713.jpg","_links":{"self":[{"href":"https:\/\/www.mendoza.gov.ar\/prensa\/wp-json\/wp\/v2\/media\/121871"}],"collection":[{"href":"https:\/\/www.mendoza.gov.ar\/prensa\/wp-json\/wp\/v2\/media"}],"about":[{"href":"https:\/\/www.mendoza.gov.ar\/prensa\/wp-json\/wp\/v2\/types\/attachment"}],"author":[{"embeddable":true,"href":"https:\/\/www.mendoza.gov.ar\/prensa\/wp-json\/wp\/v2\/users\/68"}],"replies":[{"embeddable":true,"href":"https:\/\/www.mendoza.gov.ar\/prensa\/wp-json\/wp\/v2\/comments?post=121871"}]}}